{"id":75336,"date":"2023-07-19T14:11:43","date_gmt":"2023-07-19T12:11:43","guid":{"rendered":"https:\/\/provansadekor.rs\/?page_id=75336"},"modified":"2023-08-01T16:06:34","modified_gmt":"2023-08-01T14:06:34","slug":"izrada-alpinetuma","status":"publish","type":"page","link":"https:\/\/provansadekor.rs\/en\/green\/services\/making-alpinetum\/","title":{"rendered":"Making alpinetum"},"content":{"rendered":"<div data-elementor-type=\"wp-page\" data-elementor-id=\"75336\" class=\"elementor elementor-75336\" data-elementor-post-type=\"page\">\n\t\t\t\t\t\t<section class=\"elementor-section elementor-top-section elementor-element elementor-element-dc46a77 elementor-section-height-min-height elementor-section-boxed elementor-section-height-default elementor-section-items-middle\" data-id=\"dc46a77\" data-element_type=\"section\" data-settings=\"{&quot;background_background&quot;:&quot;classic&quot;}\">\n\t\t\t\t\t\t<div class=\"elementor-container elementor-column-gap-default\">\n\t\t\t\t\t<div class=\"elementor-column elementor-col-100 elementor-top-column elementor-element elementor-element-fdd4c6c\" data-id=\"fdd4c6c\" data-element_type=\"column\">\n\t\t\t<div class=\"elementor-widget-wrap elementor-element-populated\">\n\t\t\t\t\t\t<div class=\"elementor-element elementor-element-4fb83ad elementor-widget elementor-widget-heading\" data-id=\"4fb83ad\" data-element_type=\"widget\" data-widget_type=\"heading.default\">\n\t\t\t\t<div class=\"elementor-widget-container\">\n\t\t\t\t\t<h2 class=\"elementor-heading-title elementor-size-default\">Making alpinetum<\/h2>\t\t\t\t<\/div>\n\t\t\t\t<\/div>\n\t\t\t\t\t<\/div>\n\t\t<\/div>\n\t\t\t\t\t<\/div>\n\t\t<\/section>\n\t\t\t\t<section class=\"elementor-section elementor-top-section elementor-element elementor-element-5e23c78 elementor-section-content-middle elementor-section-boxed elementor-section-height-default elementor-section-height-default\" data-id=\"5e23c78\" data-element_type=\"section\">\n\t\t\t\t\t\t<div class=\"elementor-container elementor-column-gap-default\">\n\t\t\t\t\t<div class=\"elementor-column elementor-col-50 elementor-top-column elementor-element elementor-element-375f7dc\" data-id=\"375f7dc\" data-element_type=\"column\">\n\t\t\t<div class=\"elementor-widget-wrap elementor-element-populated\">\n\t\t\t\t\t\t<div class=\"elementor-element elementor-element-5c78746 elementor-widget elementor-widget-image\" data-id=\"5c78746\" data-element_type=\"widget\" data-widget_type=\"image.default\">\n\t\t\t\t<div class=\"elementor-widget-container\">\n\t\t\t\t\t\t\t\t\t\t\t\t\t\t\t<img fetchpriority=\"high\" decoding=\"async\" width=\"800\" height=\"534\" src=\"https:\/\/provansadekor.rs\/wp-content\/uploads\/2023\/07\/alpinetum-4-2.jpg\" class=\"attachment-large size-large wp-image-75340\" alt=\"\" srcset=\"https:\/\/provansadekor.rs\/wp-content\/uploads\/2023\/07\/alpinetum-4-2.jpg 1000w, https:\/\/provansadekor.rs\/wp-content\/uploads\/2023\/07\/alpinetum-4-2-300x200.jpg 300w, https:\/\/provansadekor.rs\/wp-content\/uploads\/2023\/07\/alpinetum-4-2-768x512.jpg 768w, https:\/\/provansadekor.rs\/wp-content\/uploads\/2023\/07\/alpinetum-4-2-700x467.jpg 700w\" sizes=\"(max-width: 800px) 100vw, 800px\" \/>\t\t\t\t\t\t\t\t\t\t\t\t\t\t\t<\/div>\n\t\t\t\t<\/div>\n\t\t\t\t\t<\/div>\n\t\t<\/div>\n\t\t\t\t<div class=\"elementor-column elementor-col-50 elementor-top-column elementor-element elementor-element-bc4ec7a\" data-id=\"bc4ec7a\" data-element_type=\"column\">\n\t\t\t<div class=\"elementor-widget-wrap elementor-element-populated\">\n\t\t\t\t\t\t<div class=\"elementor-element elementor-element-28e2ba1 elementor-widget elementor-widget-heading\" data-id=\"28e2ba1\" data-element_type=\"widget\" data-widget_type=\"heading.default\">\n\t\t\t\t<div class=\"elementor-widget-container\">\n\t\t\t\t\t<h2 class=\"elementor-heading-title elementor-size-default\">Alpinetum...the Alps...the famous mountain range...<\/h2>\t\t\t\t<\/div>\n\t\t\t\t<\/div>\n\t\t\t\t<div class=\"elementor-element elementor-element-fbdfe63 elementor-widget elementor-widget-text-editor\" data-id=\"fbdfe63\" data-element_type=\"widget\" data-widget_type=\"text-editor.default\">\n\t\t\t\t<div class=\"elementor-widget-container\">\n\t\t\t\t\t\t\t\t\t<p>To meet all the needs for proper growth and development\u00a0<b>plants<\/b>, proper preparation is necessary\u00a0<b>land<\/b>\u00a0as well as proper digging of the planting hole.<br \/>Seedlings, whether deciduous or coniferous, can be sod, bare-rooted or potted. Young seedlings and fruit seedlings are mostly sold with bare roots, while slightly older, and therefore larger seedlings are sold<br \/>can be found with sod or in a pot.<br \/>Planting seedlings with sod and with bare roots is done only when the vegetation is at rest, while with seedlings in pots, planting can be done throughout the year, with additional watering, especially if it is done during the hottest months.<\/p>\t\t\t\t\t\t\t\t<\/div>\n\t\t\t\t<\/div>\n\t\t\t\t\t<\/div>\n\t\t<\/div>\n\t\t\t\t\t<\/div>\n\t\t<\/section>\n\t\t\t\t<section class=\"elementor-section elementor-top-section elementor-element elementor-element-57a96a7 elementor-section-content-middle elementor-section-boxed elementor-section-height-default elementor-section-height-default\" data-id=\"57a96a7\" data-element_type=\"section\">\n\t\t\t\t\t\t<div class=\"elementor-container elementor-column-gap-default\">\n\t\t\t\t\t<div class=\"elementor-column elementor-col-50 elementor-top-column elementor-element elementor-element-a68349a\" data-id=\"a68349a\" data-element_type=\"column\">\n\t\t\t<div class=\"elementor-widget-wrap elementor-element-populated\">\n\t\t\t\t\t\t<div class=\"elementor-element elementor-element-78ae268 elementor-widget elementor-widget-text-editor\" data-id=\"78ae268\" data-element_type=\"widget\" data-widget_type=\"text-editor.default\">\n\t\t\t\t<div class=\"elementor-widget-container\">\n\t\t\t\t\t\t\t\t\t<p>A very important factor for the reception of newly planted seedlings is the quality of the soil in which the plant is planted. In most cases, the land does not meet basic needs\u00a0<b>plants<\/b>, especially in the phase after planting, and for this reason, a specialized substrate is added that improves the quality of the soil. Such a substrate mainly consists of peat, humus,<br \/>perlite, earthworm and slow-degrading artificial fertilizer that provides seedlings with a sufficient dose of minerals for a period of 6 months.<\/p>\t\t\t\t\t\t\t\t<\/div>\n\t\t\t\t<\/div>\n\t\t\t\t\t<\/div>\n\t\t<\/div>\n\t\t\t\t<div class=\"elementor-column elementor-col-50 elementor-top-column elementor-element elementor-element-69f8955\" data-id=\"69f8955\" data-element_type=\"column\">\n\t\t\t<div class=\"elementor-widget-wrap elementor-element-populated\">\n\t\t\t\t\t\t<div class=\"elementor-element elementor-element-1e7bf84 elementor-widget elementor-widget-image\" data-id=\"1e7bf84\" data-element_type=\"widget\" data-widget_type=\"image.default\">\n\t\t\t\t<div class=\"elementor-widget-container\">\n\t\t\t\t\t\t\t\t\t\t\t\t\t\t\t<img decoding=\"async\" width=\"800\" height=\"600\" src=\"https:\/\/provansadekor.rs\/wp-content\/uploads\/2023\/07\/alpinetum-6-1.jpg\" class=\"attachment-large size-large wp-image-75339\" alt=\"\" srcset=\"https:\/\/provansadekor.rs\/wp-content\/uploads\/2023\/07\/alpinetum-6-1.jpg 1000w, https:\/\/provansadekor.rs\/wp-content\/uploads\/2023\/07\/alpinetum-6-1-300x225.jpg 300w, https:\/\/provansadekor.rs\/wp-content\/uploads\/2023\/07\/alpinetum-6-1-768x576.jpg 768w, https:\/\/provansadekor.rs\/wp-content\/uploads\/2023\/07\/alpinetum-6-1-700x525.jpg 700w\" sizes=\"(max-width: 800px) 100vw, 800px\" \/>\t\t\t\t\t\t\t\t\t\t\t\t\t\t\t<\/div>\n\t\t\t\t<\/div>\n\t\t\t\t\t<\/div>\n\t\t<\/div>\n\t\t\t\t\t<\/div>\n\t\t<\/section>\n\t\t\t\t<section class=\"elementor-section elementor-top-section elementor-element elementor-element-658c5b3 elementor-section-content-middle elementor-section-boxed elementor-section-height-default elementor-section-height-default\" data-id=\"658c5b3\" data-element_type=\"section\">\n\t\t\t\t\t\t<div class=\"elementor-container elementor-column-gap-default\">\n\t\t\t\t\t<div class=\"elementor-column elementor-col-50 elementor-top-column elementor-element elementor-element-d7a52cb\" data-id=\"d7a52cb\" data-element_type=\"column\">\n\t\t\t<div class=\"elementor-widget-wrap elementor-element-populated\">\n\t\t\t\t\t\t<div class=\"elementor-element elementor-element-d55f850 elementor-widget elementor-widget-image\" data-id=\"d55f850\" data-element_type=\"widget\" data-widget_type=\"image.default\">\n\t\t\t\t<div class=\"elementor-widget-container\">\n\t\t\t\t\t\t\t\t\t\t\t\t\t\t\t<img decoding=\"async\" width=\"800\" height=\"534\" src=\"https:\/\/provansadekor.rs\/wp-content\/uploads\/2023\/07\/alpinetum-3.jpg\" class=\"attachment-large size-large wp-image-75338\" alt=\"\" srcset=\"https:\/\/provansadekor.rs\/wp-content\/uploads\/2023\/07\/alpinetum-3.jpg 1000w, https:\/\/provansadekor.rs\/wp-content\/uploads\/2023\/07\/alpinetum-3-300x200.jpg 300w, https:\/\/provansadekor.rs\/wp-content\/uploads\/2023\/07\/alpinetum-3-768x512.jpg 768w, https:\/\/provansadekor.rs\/wp-content\/uploads\/2023\/07\/alpinetum-3-700x467.jpg 700w\" sizes=\"(max-width: 800px) 100vw, 800px\" \/>\t\t\t\t\t\t\t\t\t\t\t\t\t\t\t<\/div>\n\t\t\t\t<\/div>\n\t\t\t\t\t<\/div>\n\t\t<\/div>\n\t\t\t\t<div class=\"elementor-column elementor-col-50 elementor-top-column elementor-element elementor-element-0d010a8\" data-id=\"0d010a8\" data-element_type=\"column\">\n\t\t\t<div class=\"elementor-widget-wrap elementor-element-populated\">\n\t\t\t\t\t\t<div class=\"elementor-element elementor-element-862d87d elementor-widget elementor-widget-text-editor\" data-id=\"862d87d\" data-element_type=\"widget\" data-widget_type=\"text-editor.default\">\n\t\t\t\t<div class=\"elementor-widget-container\">\n\t\t\t\t\t\t\t\t\t<p>We pay special attention to selection\u00a0<b>plant material<\/b>, therefore we always plant only very high quality and well-trained plants, which give the appearance of being finished already after planting\u00a0<b>garden<\/b>. Founding\u00a0<b>green areas<\/b>\u00a0we do it exclusively with formed seedlings, completely<br \/>developed crowns, which immediately define the space, while the planted bushes, ground covers and climbers already form a completely closed assembly in the first year after planting, so it is not necessary to wait several years for your garden to reach its full appearance.<\/p>\t\t\t\t\t\t\t\t<\/div>\n\t\t\t\t<\/div>\n\t\t\t\t\t<\/div>\n\t\t<\/div>\n\t\t\t\t\t<\/div>\n\t\t<\/section>\n\t\t\t\t<section class=\"elementor-section elementor-top-section elementor-element elementor-element-ca8a653 elementor-section-full_width elementor-section-height-default elementor-section-height-default\" data-id=\"ca8a653\" data-element_type=\"section\">\n\t\t\t\t\t\t<div class=\"elementor-container elementor-column-gap-default\">\n\t\t\t\t\t<div class=\"elementor-column elementor-col-100 elementor-top-column elementor-element elementor-element-5769e71\" data-id=\"5769e71\" data-element_type=\"column\">\n\t\t\t<div class=\"elementor-widget-wrap elementor-element-populated\">\n\t\t\t\t\t\t<section class=\"elementor-section elementor-inner-section elementor-element elementor-element-9410e61 elementor-section-full_width elementor-section-content-middle elementor-section-height-default elementor-section-height-default\" data-id=\"9410e61\" data-element_type=\"section\">\n\t\t\t\t\t\t<div class=\"elementor-container elementor-column-gap-default\">\n\t\t\t\t\t<div class=\"elementor-column elementor-col-50 elementor-inner-column elementor-element elementor-element-0dea1f9\" data-id=\"0dea1f9\" data-element_type=\"column\" data-settings=\"{&quot;background_background&quot;:&quot;classic&quot;}\">\n\t\t\t<div class=\"elementor-widget-wrap elementor-element-populated\">\n\t\t\t\t\t\t<div class=\"elementor-element elementor-element-28ec7f6 elementor-position-left elementor-view-default elementor-mobile-position-top elementor-widget elementor-widget-icon-box\" data-id=\"28ec7f6\" data-element_type=\"widget\" data-widget_type=\"icon-box.default\">\n\t\t\t\t<div class=\"elementor-widget-container\">\n\t\t\t\t\t\t\t<div class=\"elementor-icon-box-wrapper\">\n\n\t\t\t\t\t\t<div class=\"elementor-icon-box-icon\">\n\t\t\t\t<span  class=\"elementor-icon\">\n\t\t\t\t<i aria-hidden=\"true\" class=\"icon icon-email\"><\/i>\t\t\t\t<\/span>\n\t\t\t<\/div>\n\t\t\t\n\t\t\t\t\t\t<div class=\"elementor-icon-box-content\">\n\n\t\t\t\t\t\t\t\t\t<h3 class=\"elementor-icon-box-title\">\n\t\t\t\t\t\t<span  >\n\t\t\t\t\t\t\tIf you want more information about our offer, write to us or call us, we will answer you as soon as possible\t\t\t\t\t\t<\/span>\n\t\t\t\t\t<\/h3>\n\t\t\t\t\n\t\t\t\t\n\t\t\t<\/div>\n\t\t\t\n\t\t<\/div>\n\t\t\t\t\t\t<\/div>\n\t\t\t\t<\/div>\n\t\t\t\t\t<\/div>\n\t\t<\/div>\n\t\t\t\t<div class=\"elementor-column elementor-col-50 elementor-inner-column elementor-element elementor-element-a570d50\" data-id=\"a570d50\" data-element_type=\"column\" data-settings=\"{&quot;background_background&quot;:&quot;classic&quot;}\">\n\t\t\t<div class=\"elementor-widget-wrap elementor-element-populated\">\n\t\t\t\t\t\t<div class=\"elementor-element elementor-element-90267a3 elementor-align-center elementor-widget elementor-widget-button\" data-id=\"90267a3\" data-element_type=\"widget\" data-widget_type=\"button.default\">\n\t\t\t\t<div class=\"elementor-widget-container\">\n\t\t\t\t\t\t\t\t\t<div class=\"elementor-button-wrapper\">\n\t\t\t\t\t<a class=\"elementor-button elementor-button-link elementor-size-sm\" href=\"https:\/\/provansadekor.rs\/green\/kontakt\">\n\t\t\t\t\t\t<span class=\"elementor-button-content-wrapper\">\n\t\t\t\t\t\t\t\t\t<span class=\"elementor-button-text\">Contact<\/span>\n\t\t\t\t\t<\/span>\n\t\t\t\t\t<\/a>\n\t\t\t\t<\/div>\n\t\t\t\t\t\t\t\t<\/div>\n\t\t\t\t<\/div>\n\t\t\t\t\t<\/div>\n\t\t<\/div>\n\t\t\t\t\t<\/div>\n\t\t<\/section>\n\t\t\t\t\t<\/div>\n\t\t<\/div>\n\t\t\t\t\t<\/div>\n\t\t<\/section>\n\t\t\t\t<\/div>","protected":false},"excerpt":{"rendered":"<p>Making alpinetum Alpinetum...Alps...the famous mountain range... In order to meet all the needs for proper growth and development of plants, it is necessary to properly prepare the soil as well as properly dig the planting hole. Seedlings, whether deciduous or coniferous, can be sod, bare-rooted or potted. Young seedlings and fruit seedlings are mostly sold with bare roots, and [\u2026]<\/p>","protected":false},"author":113,"featured_media":0,"parent":74790,"menu_order":0,"comment_status":"closed","ping_status":"closed","template":"","meta":{"footnotes":""},"categories":[],"tags":[],"class_list":["post-75336","page","type-page","status-publish","hentry"],"yoast_head":"<!-- This site is optimized with the Yoast SEO Premium plugin v20.9 (Yoast SEO v26.5) - https:\/\/yoast.com\/wordpress\/plugins\/seo\/ -->\n<title>Izrada alpinetuma &#8211; Provansa Green Centar<\/title>\n<meta name=\"description\" content=\"Izrada alpinetuma - Stvaramo jedinstvene i prelepe alpinetume za va\u0161 prostor. Provansa Green Centar\" \/>\n<meta name=\"robots\" content=\"index, follow, max-snippet:-1, max-image-preview:large, max-video-preview:-1\" \/>\n<link rel=\"canonical\" href=\"https:\/\/provansadekor.rs\/en\/green\/services\/making-alpinetum\/\" \/>\n<meta property=\"og:locale\" content=\"en_US\" \/>\n<meta property=\"og:type\" content=\"article\" \/>\n<meta property=\"og:title\" content=\"Izrada alpinetuma\" \/>\n<meta property=\"og:description\" content=\"Izrada alpinetuma - Stvaramo jedinstvene i prelepe alpinetume za va\u0161 prostor. Provansa Green Centar\" \/>\n<meta property=\"og:url\" content=\"https:\/\/provansadekor.rs\/en\/green\/services\/making-alpinetum\/\" \/>\n<meta property=\"og:site_name\" content=\"Provansa Dekor\" \/>\n<meta property=\"article:publisher\" content=\"https:\/\/www.facebook.com\/provansadekor\" \/>\n<meta property=\"article:modified_time\" content=\"2023-08-01T14:06:34+00:00\" \/>\n<meta property=\"og:image\" content=\"https:\/\/provansadekor.rs\/wp-content\/uploads\/2023\/07\/alpinetum-4-2.jpg\" \/>\n<meta name=\"twitter:card\" content=\"summary_large_image\" \/>\n<meta name=\"twitter:label1\" content=\"Est. reading time\" \/>\n\t<meta name=\"twitter:data1\" content=\"3 minutes\" \/>\n<script type=\"application\/ld+json\" class=\"yoast-schema-graph\">{\"@context\":\"https:\/\/schema.org\",\"@graph\":[{\"@type\":\"WebPage\",\"@id\":\"https:\/\/provansadekor.rs\/green\/usluge\/izrada-alpinetuma\/\",\"url\":\"https:\/\/provansadekor.rs\/green\/usluge\/izrada-alpinetuma\/\",\"name\":\"Izrada alpinetuma &#8211; Provansa Green Centar\",\"isPartOf\":{\"@id\":\"https:\/\/provansadekor.rs\/#website\"},\"primaryImageOfPage\":{\"@id\":\"https:\/\/provansadekor.rs\/green\/usluge\/izrada-alpinetuma\/#primaryimage\"},\"image\":{\"@id\":\"https:\/\/provansadekor.rs\/green\/usluge\/izrada-alpinetuma\/#primaryimage\"},\"thumbnailUrl\":\"https:\/\/provansadekor.rs\/wp-content\/uploads\/2023\/07\/alpinetum-4-2.jpg\",\"datePublished\":\"2023-07-19T12:11:43+00:00\",\"dateModified\":\"2023-08-01T14:06:34+00:00\",\"description\":\"Izrada alpinetuma - Stvaramo jedinstvene i prelepe alpinetume za va\u0161 prostor. Provansa Green Centar\",\"breadcrumb\":{\"@id\":\"https:\/\/provansadekor.rs\/green\/usluge\/izrada-alpinetuma\/#breadcrumb\"},\"inLanguage\":\"en-US\",\"potentialAction\":[{\"@type\":\"ReadAction\",\"target\":[\"https:\/\/provansadekor.rs\/green\/usluge\/izrada-alpinetuma\/\"]}]},{\"@type\":\"ImageObject\",\"inLanguage\":\"en-US\",\"@id\":\"https:\/\/provansadekor.rs\/green\/usluge\/izrada-alpinetuma\/#primaryimage\",\"url\":\"https:\/\/provansadekor.rs\/wp-content\/uploads\/2023\/07\/alpinetum-4-2.jpg\",\"contentUrl\":\"https:\/\/provansadekor.rs\/wp-content\/uploads\/2023\/07\/alpinetum-4-2.jpg\"},{\"@type\":\"BreadcrumbList\",\"@id\":\"https:\/\/provansadekor.rs\/green\/usluge\/izrada-alpinetuma\/#breadcrumb\",\"itemListElement\":[{\"@type\":\"ListItem\",\"position\":1,\"name\":\"\u041f\u043e\u0447\u0435\u0442\u043d\u0430\",\"item\":\"https:\/\/provansadekor.rs\/\"},{\"@type\":\"ListItem\",\"position\":2,\"name\":\"Green\",\"item\":\"https:\/\/provansadekor.rs\/green\/\"},{\"@type\":\"ListItem\",\"position\":3,\"name\":\"Delatnosti i usluge\",\"item\":\"https:\/\/provansadekor.rs\/green\/usluge\/\"},{\"@type\":\"ListItem\",\"position\":4,\"name\":\"Izrada alpinetuma\"}]},{\"@type\":\"WebSite\",\"@id\":\"https:\/\/provansadekor.rs\/#website\",\"url\":\"https:\/\/provansadekor.rs\/\",\"name\":\"Provansa Dekor\",\"description\":\"Dostava cve\u0107a Beograd - Organizacija i Dekoracija doga\u0111aja - Ure\u0111enje zelenih povr\u0161ina\",\"publisher\":{\"@id\":\"https:\/\/provansadekor.rs\/#organization\"},\"potentialAction\":[{\"@type\":\"SearchAction\",\"target\":{\"@type\":\"EntryPoint\",\"urlTemplate\":\"https:\/\/provansadekor.rs\/?s={search_term_string}\"},\"query-input\":{\"@type\":\"PropertyValueSpecification\",\"valueRequired\":true,\"valueName\":\"search_term_string\"}}],\"inLanguage\":\"en-US\"},{\"@type\":\"Organization\",\"@id\":\"https:\/\/provansadekor.rs\/#organization\",\"name\":\"Provansa Dekor Cve\u0107ara Beograd\",\"url\":\"https:\/\/provansadekor.rs\/\",\"logo\":{\"@type\":\"ImageObject\",\"inLanguage\":\"en-US\",\"@id\":\"https:\/\/provansadekor.rs\/#\/schema\/logo\/image\/\",\"url\":\"https:\/\/provansadekor.rs\/wp-content\/uploads\/2022\/03\/logo-provansa.jpg\",\"contentUrl\":\"https:\/\/provansadekor.rs\/wp-content\/uploads\/2022\/03\/logo-provansa.jpg\",\"width\":200,\"height\":200,\"caption\":\"Provansa Dekor Cve\u0107ara Beograd\"},\"image\":{\"@id\":\"https:\/\/provansadekor.rs\/#\/schema\/logo\/image\/\"},\"sameAs\":[\"https:\/\/www.facebook.com\/provansadekor\",\"https:\/\/www.instagram.com\/provansadekor\/\"]}]}<\/script>\n<!-- \/ Yoast SEO Premium plugin. -->","yoast_head_json":{"title":"Making alpinetum - Provence Green Center","description":"Alpinetum creation - We create unique and beautiful alpinetums for your space. Provence Green Center","robots":{"index":"index","follow":"follow","max-snippet":"max-snippet:-1","max-image-preview":"max-image-preview:large","max-video-preview":"max-video-preview:-1"},"canonical":"https:\/\/provansadekor.rs\/en\/green\/services\/making-alpinetum\/","og_locale":"en_US","og_type":"article","og_title":"Izrada alpinetuma","og_description":"Izrada alpinetuma - Stvaramo jedinstvene i prelepe alpinetume za va\u0161 prostor. Provansa Green Centar","og_url":"https:\/\/provansadekor.rs\/en\/green\/services\/making-alpinetum\/","og_site_name":"Provansa Dekor","article_publisher":"https:\/\/www.facebook.com\/provansadekor","article_modified_time":"2023-08-01T14:06:34+00:00","og_image":[{"url":"https:\/\/provansadekor.rs\/wp-content\/uploads\/2023\/07\/alpinetum-4-2.jpg","type":"","width":"","height":""}],"twitter_card":"summary_large_image","twitter_misc":{"Est. reading time":"3 minutes"},"schema":{"@context":"https:\/\/schema.org","@graph":[{"@type":"WebPage","@id":"https:\/\/provansadekor.rs\/green\/usluge\/izrada-alpinetuma\/","url":"https:\/\/provansadekor.rs\/green\/usluge\/izrada-alpinetuma\/","name":"Making alpinetum - Provence Green Center","isPartOf":{"@id":"https:\/\/provansadekor.rs\/#website"},"primaryImageOfPage":{"@id":"https:\/\/provansadekor.rs\/green\/usluge\/izrada-alpinetuma\/#primaryimage"},"image":{"@id":"https:\/\/provansadekor.rs\/green\/usluge\/izrada-alpinetuma\/#primaryimage"},"thumbnailUrl":"https:\/\/provansadekor.rs\/wp-content\/uploads\/2023\/07\/alpinetum-4-2.jpg","datePublished":"2023-07-19T12:11:43+00:00","dateModified":"2023-08-01T14:06:34+00:00","description":"Alpinetum creation - We create unique and beautiful alpinetums for your space. Provence Green Center","breadcrumb":{"@id":"https:\/\/provansadekor.rs\/green\/usluge\/izrada-alpinetuma\/#breadcrumb"},"inLanguage":"en-US","potentialAction":[{"@type":"ReadAction","target":["https:\/\/provansadekor.rs\/green\/usluge\/izrada-alpinetuma\/"]}]},{"@type":"ImageObject","inLanguage":"en-US","@id":"https:\/\/provansadekor.rs\/green\/usluge\/izrada-alpinetuma\/#primaryimage","url":"https:\/\/provansadekor.rs\/wp-content\/uploads\/2023\/07\/alpinetum-4-2.jpg","contentUrl":"https:\/\/provansadekor.rs\/wp-content\/uploads\/2023\/07\/alpinetum-4-2.jpg"},{"@type":"BreadcrumbList","@id":"https:\/\/provansadekor.rs\/green\/usluge\/izrada-alpinetuma\/#breadcrumb","itemListElement":[{"@type":"ListItem","position":1,"name":"\u041f\u043e\u0447\u0435\u0442\u043d\u0430","item":"https:\/\/provansadekor.rs\/"},{"@type":"ListItem","position":2,"name":"Green","item":"https:\/\/provansadekor.rs\/green\/"},{"@type":"ListItem","position":3,"name":"Delatnosti i usluge","item":"https:\/\/provansadekor.rs\/green\/usluge\/"},{"@type":"ListItem","position":4,"name":"Izrada alpinetuma"}]},{"@type":"WebSite","@id":"https:\/\/provansadekor.rs\/#website","url":"https:\/\/provansadekor.rs\/","name":"Provence Decor","description":"Flower delivery Belgrade - Event organization and decoration - Landscaping","publisher":{"@id":"https:\/\/provansadekor.rs\/#organization"},"potentialAction":[{"@type":"SearchAction","target":{"@type":"EntryPoint","urlTemplate":"https:\/\/provansadekor.rs\/?s={search_term_string}"},"query-input":{"@type":"PropertyValueSpecification","valueRequired":true,"valueName":"search_term_string"}}],"inLanguage":"en-US"},{"@type":"Organization","@id":"https:\/\/provansadekor.rs\/#organization","name":"Provence Decor Flower Shop Belgrade","url":"https:\/\/provansadekor.rs\/","logo":{"@type":"ImageObject","inLanguage":"en-US","@id":"https:\/\/provansadekor.rs\/#\/schema\/logo\/image\/","url":"https:\/\/provansadekor.rs\/wp-content\/uploads\/2022\/03\/logo-provansa.jpg","contentUrl":"https:\/\/provansadekor.rs\/wp-content\/uploads\/2022\/03\/logo-provansa.jpg","width":200,"height":200,"caption":"Provansa Dekor Cve\u0107ara Beograd"},"image":{"@id":"https:\/\/provansadekor.rs\/#\/schema\/logo\/image\/"},"sameAs":["https:\/\/www.facebook.com\/provansadekor","https:\/\/www.instagram.com\/provansadekor\/"]}]}},"_links":{"self":[{"href":"https:\/\/provansadekor.rs\/en\/wp-json\/wp\/v2\/pages\/75336","targetHints":{"allow":["GET"]}}],"collection":[{"href":"https:\/\/provansadekor.rs\/en\/wp-json\/wp\/v2\/pages"}],"about":[{"href":"https:\/\/provansadekor.rs\/en\/wp-json\/wp\/v2\/types\/page"}],"author":[{"embeddable":true,"href":"https:\/\/provansadekor.rs\/en\/wp-json\/wp\/v2\/users\/113"}],"replies":[{"embeddable":true,"href":"https:\/\/provansadekor.rs\/en\/wp-json\/wp\/v2\/comments?post=75336"}],"version-history":[{"count":6,"href":"https:\/\/provansadekor.rs\/en\/wp-json\/wp\/v2\/pages\/75336\/revisions"}],"predecessor-version":[{"id":75713,"href":"https:\/\/provansadekor.rs\/en\/wp-json\/wp\/v2\/pages\/75336\/revisions\/75713"}],"up":[{"embeddable":true,"href":"https:\/\/provansadekor.rs\/en\/wp-json\/wp\/v2\/pages\/74790"}],"wp:attachment":[{"href":"https:\/\/provansadekor.rs\/en\/wp-json\/wp\/v2\/media?parent=75336"}],"wp:term":[{"taxonomy":"category","embeddable":true,"href":"https:\/\/provansadekor.rs\/en\/wp-json\/wp\/v2\/categories?post=75336"},{"taxonomy":"post_tag","embeddable":true,"href":"https:\/\/provansadekor.rs\/en\/wp-json\/wp\/v2\/tags?post=75336"}],"curies":[{"name":"wp","href":"https:\/\/api.w.org\/{rel}","templated":true}]}}